{"id":390,"date":"2015-07-29T20:32:25","date_gmt":"2015-07-29T18:32:25","guid":{"rendered":"http:\/\/amv-schwaben.de\/?page_id=390"},"modified":"2021-08-27T10:14:07","modified_gmt":"2021-08-27T08:14:07","slug":"fac-soda-3f","status":"publish","type":"page","link":"https:\/\/amv-schwaben.de\/?page_id=390","title":{"rendered":"CFA 1; CFA Soda 2"},"content":{"rendered":"<p>[et_pb_section fb_built=&#8220;1&#8243; fullwidth=&#8220;on&#8220; _builder_version=&#8220;3.22&#8243; background_color=&#8220;#2ea3f2&#8243; background_image=&#8220;https:\/\/amv-schwaben.de\/wp-content\/uploads\/2014\/07\/kopf.jpg&#8220; global_colors_info=&#8220;{}&#8220;][et_pb_fullwidth_header title=&#8220;Kohlens\u00e4ure-F\u00fcllanlagen&#8220; text_orientation=&#8220;center&#8220; content_max_width=&#8220;none&#8220; admin_label=&#8220;Fullwidth Header&#8220; _builder_version=&#8220;3.16&#8243; background_color=&#8220;rgba(255, 255, 255, 0)&#8220; global_colors_info=&#8220;{}&#8220; button_one_text_size__hover_enabled=&#8220;off&#8220; button_two_text_size__hover_enabled=&#8220;off&#8220; button_one_text_color__hover_enabled=&#8220;off&#8220; button_two_text_color__hover_enabled=&#8220;off&#8220; button_one_border_width__hover_enabled=&#8220;off&#8220; button_two_border_width__hover_enabled=&#8220;off&#8220; button_one_border_color__hover_enabled=&#8220;off&#8220; button_two_border_color__hover_enabled=&#8220;off&#8220; button_one_border_radius__hover_enabled=&#8220;off&#8220; button_two_border_radius__hover_enabled=&#8220;off&#8220; button_one_letter_spacing__hover_enabled=&#8220;off&#8220; button_two_letter_spacing__hover_enabled=&#8220;off&#8220; button_one_bg_color__hover_enabled=&#8220;off&#8220; button_two_bg_color__hover_enabled=&#8220;off&#8220;][\/et_pb_fullwidth_header][\/et_pb_section][et_pb_section fb_built=&#8220;1&#8243; _builder_version=&#8220;3.22&#8243; global_colors_info=&#8220;{}&#8220;][et_pb_row column_structure=&#8220;1_3,1_3,1_3&#8243; _builder_version=&#8220;3.25&#8243; background_size=&#8220;initial&#8220; background_position=&#8220;top_left&#8220; background_repeat=&#8220;repeat&#8220; custom_margin=&#8220;|auto|-227px|auto||&#8220; custom_padding=&#8220;0px|||||&#8220; global_colors_info=&#8220;{}&#8220;][et_pb_column type=&#8220;1_3&#8243; _builder_version=&#8220;3.25&#8243; custom_padding=&#8220;|||&#8220; global_colors_info=&#8220;{}&#8220; custom_padding__hover=&#8220;|||&#8220;][et_pb_image src=&#8220;https:\/\/amv-schwaben.de\/wp-content\/uploads\/2014\/07\/Logo_400.png&#8220; align_tablet=&#8220;center&#8220; align_phone=&#8220;&#8220; align_last_edited=&#8220;on|desktop&#8220; admin_label=&#8220;Image&#8220; _builder_version=&#8220;3.23&#8243; custom_margin=&#8220;||-2px|||&#8220; custom_padding=&#8220;107px|||||&#8220; animation=&#8220;off&#8220; global_colors_info=&#8220;{}&#8220;][\/et_pb_image][\/et_pb_column][et_pb_column type=&#8220;1_3&#8243; _builder_version=&#8220;3.25&#8243; custom_padding=&#8220;|||&#8220; global_colors_info=&#8220;{}&#8220; custom_padding__hover=&#8220;|||&#8220;][\/et_pb_column][et_pb_column type=&#8220;1_3&#8243; _builder_version=&#8220;3.25&#8243; custom_padding=&#8220;|||&#8220; global_colors_info=&#8220;{}&#8220; custom_padding__hover=&#8220;|||&#8220;][et_pb_sidebar area=&#8220;sidebar-1&#8243; admin_label=&#8220;Sidebar&#8220; _builder_version=&#8220;3.0.74&#8243; global_colors_info=&#8220;{}&#8220;][\/et_pb_sidebar][\/et_pb_column][\/et_pb_row][et_pb_row column_structure=&#8220;1_3,1_3,1_3&#8243; _builder_version=&#8220;3.25&#8243; background_size=&#8220;initial&#8220; background_position=&#8220;top_left&#8220; background_repeat=&#8220;repeat&#8220; min_height=&#8220;371.3px&#8220; custom_margin=&#8220;149px|auto||auto||&#8220; global_colors_info=&#8220;{}&#8220;][et_pb_column type=&#8220;1_3&#8243; _builder_version=&#8220;3.25&#8243; custom_padding=&#8220;|||&#8220; global_colors_info=&#8220;{}&#8220; custom_padding__hover=&#8220;|||&#8220;][et_pb_image src=&#8220;https:\/\/amv-schwaben.de\/wp-content\/uploads\/2020\/06\/1.CFA-2-Soda-e1593001868799.jpg&#8220; align_tablet=&#8220;center&#8220; align_phone=&#8220;&#8220; align_last_edited=&#8220;on|desktop&#8220; admin_label=&#8220;Image&#8220; _builder_version=&#8220;3.23&#8243; animation_style=&#8220;slide&#8220; animation_direction=&#8220;left&#8220; animation_duration=&#8220;500ms&#8220; animation_intensity_slide=&#8220;10%&#8220; animation=&#8220;left&#8220; global_colors_info=&#8220;{}&#8220;][\/et_pb_image][et_pb_image src=&#8220;https:\/\/amv-schwaben.de\/wp-content\/uploads\/2019\/11\/CFA-2-10-02-1-r1-scaled.jpg&#8220; title_text=&#8220;CFA 2 10-02 #1 r1&#8243; _builder_version=&#8220;4.10.4&#8243; _module_preset=&#8220;default&#8220; global_colors_info=&#8220;{}&#8220;][\/et_pb_image][et_pb_image src=&#8220;https:\/\/amv-schwaben.de\/wp-content\/uploads\/2021\/08\/CFA-2-F1B-F2.jpg&#8220; title_text=&#8220;CFA 2 F1B F2&#8243; _builder_version=&#8220;4.10.4&#8243; _module_preset=&#8220;default&#8220; global_colors_info=&#8220;{}&#8220;][\/et_pb_image][et_pb_image src=&#8220;https:\/\/amv-schwaben.de\/wp-content\/uploads\/2021\/08\/CFA-2-F1B-F3.jpg&#8220; title_text=&#8220;CFA 2 F1B F3&#8243; _builder_version=&#8220;4.10.4&#8243; _module_preset=&#8220;default&#8220; global_colors_info=&#8220;{}&#8220;][\/et_pb_image][et_pb_image src=&#8220;https:\/\/amv-schwaben.de\/wp-content\/uploads\/2021\/08\/CFA-2-F1M-mit-Bodenwaage.jpg&#8220; title_text=&#8220;CFA 2 F1M mit Bodenwaage&#8220; _builder_version=&#8220;4.10.4&#8243; _module_preset=&#8220;default&#8220; global_colors_info=&#8220;{}&#8220;][\/et_pb_image][et_pb_image src=&#8220;https:\/\/amv-schwaben.de\/wp-content\/uploads\/2021\/08\/CFA-2-F1B-Patrone.jpg&#8220; title_text=&#8220;CFA 2 F1B Patrone&#8220; _builder_version=&#8220;4.10.4&#8243; _module_preset=&#8220;default&#8220; global_colors_info=&#8220;{}&#8220;][\/et_pb_image][et_pb_image src=&#8220;https:\/\/amv-schwaben.de\/wp-content\/uploads\/2021\/08\/20191213_091855.Restdruckventiladapter.jpg&#8220; title_text=&#8220;20191213_091855.Restdruckventiladapter&#8220; _builder_version=&#8220;4.10.4&#8243; _module_preset=&#8220;default&#8220; hover_enabled=&#8220;0&#8243; global_colors_info=&#8220;{}&#8220; sticky_enabled=&#8220;0&#8243;][\/et_pb_image][\/et_pb_column][et_pb_column type=&#8220;1_3&#8243; _builder_version=&#8220;3.25&#8243; custom_padding=&#8220;|||&#8220; global_colors_info=&#8220;{}&#8220; custom_padding__hover=&#8220;|||&#8220;][et_pb_text admin_label=&#8220;Text&#8220; _builder_version=&#8220;3.27.4&#8243; background_size=&#8220;initial&#8220; background_position=&#8220;top_left&#8220; background_repeat=&#8220;repeat&#8220; global_colors_info=&#8220;{}&#8220;][\/et_pb_text][et_pb_text admin_label=&#8220;Text&#8220; _builder_version=&#8220;3.27.4&#8243; background_size=&#8220;initial&#8220; background_position=&#8220;top_left&#8220; background_repeat=&#8220;repeat&#8220; custom_padding=&#8220;0px||0px|||&#8220; inline_fonts=&#8220;Changa,ABeeZee&#8220; global_colors_info=&#8220;{}&#8220;]<\/p>\n<h2><strong><span style=\"font-family: ABeeZee;\">CFA Soda 2<\/span><\/strong><\/h2>\n<p><strong><span style=\"font-family: ABeeZee;\">Die Kohlendioxidf\u00fcllanlage CFA Soda 2 besitzt eine Dosiereinheit und erm\u00f6glicht somit ein Bef\u00fcllen von Soda-Zylinder 425g bis zu 250 St\u00fcck\/Stunde. Ebenfalls k\u00f6nnen auch \u201eSpezial-Ventile\u201c mit dieser Anlage gef\u00fcllt werden. Die Maschine ist so aufgebaut, dass ein Abf\u00fcllen der CO2-Zylinder sehr einfach ist.<\/span><\/strong><\/p>\n<p>[\/et_pb_text][et_pb_text admin_label=&#8220;Text&#8220; _builder_version=&#8220;3.27.4&#8243; background_size=&#8220;initial&#8220; background_position=&#8220;top_left&#8220; background_repeat=&#8220;repeat&#8220; inline_fonts=&#8220;ABeeZee&#8220; global_colors_info=&#8220;{}&#8220;]<\/p>\n<h2><strong><\/strong><\/h2>\n<h2><strong><\/strong><\/h2>\n<h2><strong><\/strong><\/h2>\n<h2><strong><\/strong><strong><\/strong><strong><span style=\"font-family: ABeeZee;\">CFA 2 <span style=\"font-size: medium;\">mit Universalf\u00fcllkopf<\/span><br \/><\/span><\/strong><\/h2>\n<p><strong><span style=\"font-family: ABeeZee;\">Mit dieser kompakten CO2-F\u00fcllanlage mit Digitalwaage und Abschaltfunktion k\u00f6nnen nahezu alle CO2-Beh\u00e4lter mit entsprechenden Adaptern preisg\u00fcnstig gef\u00fcllt werden. Lassen Sie sich ein unverbindliches Angebot nach Ihren Bed\u00fcrfnissen erstellen.<\/span><\/strong><\/p>\n<p>[\/et_pb_text][et_pb_text admin_label=&#8220;Text&#8220; _builder_version=&#8220;3.27.4&#8243; background_size=&#8220;initial&#8220; background_position=&#8220;top_left&#8220; background_repeat=&#8220;repeat&#8220; inline_fonts=&#8220;ABeeZee&#8220; global_colors_info=&#8220;{}&#8220;]<\/p>\n<h2><strong><\/strong><\/h2>\n<h2><strong><\/strong><\/h2>\n<h2><strong><\/strong><\/h2>\n<h2><strong><\/strong><\/h2>\n<h2><strong><\/strong><\/h2>\n<h2><strong><\/strong><\/h2>\n<h2><strong><\/strong><\/h2>\n<h2><strong><span style=\"font-family: ABeeZee;\">CFA 2 <span style=\"font-size: medium;\">mit Universalf\u00fcllkopf<\/span><br \/><\/span><\/strong><\/h2>\n<p><strong><span style=\"font-family: ABeeZee;\">Mit Zusatzf\u00fcllkopf F2 k\u00f6nnen Feuerl\u00f6scher oder CO2-Flaschen bis 2 kg Kohlens\u00e4ure gef\u00fcllt werden.<\/span><\/strong><\/p>\n<p>[\/et_pb_text][et_pb_text admin_label=&#8220;Text&#8220; _builder_version=&#8220;3.27.4&#8243; background_size=&#8220;initial&#8220; background_position=&#8220;top_left&#8220; background_repeat=&#8220;repeat&#8220; inline_fonts=&#8220;ABeeZee&#8220; global_colors_info=&#8220;{}&#8220;]<\/p>\n<h2><strong><\/strong><\/h2>\n<h2><strong><\/strong><\/h2>\n<h2><strong><\/strong><\/h2>\n<h2><strong><\/strong><\/h2>\n<h2><strong><\/strong><\/h2>\n<h2><strong><\/strong><\/h2>\n<h2><strong><\/strong><\/h2>\n<h2><strong><\/strong><\/h2>\n<h2><strong><\/strong><\/h2>\n<h2><strong><\/strong><\/h2>\n<h2><strong><\/strong><strong><span style=\"font-family: ABeeZee;\">CFA 2 <span style=\"font-size: medium;\">mit Universalf\u00fcllkopf<\/span><br \/><\/span><\/strong><\/h2>\n<p><strong><span style=\"font-family: ABeeZee;\">Mit Zusatzf\u00fcllkopf F3 k\u00f6nnen Feuerl\u00f6scher oder CO2-Flaschen bis 6 kg Kohlens\u00e4ure gef\u00fcllt werden.<\/span><\/strong><\/p>\n<p>[\/et_pb_text][et_pb_text admin_label=&#8220;Text&#8220; _builder_version=&#8220;3.27.4&#8243; background_size=&#8220;initial&#8220; background_position=&#8220;top_left&#8220; background_repeat=&#8220;repeat&#8220; inline_fonts=&#8220;ABeeZee&#8220; global_colors_info=&#8220;{}&#8220;]<\/p>\n<h2><strong><\/strong><\/h2>\n<h2><strong><\/strong><\/h2>\n<h2><strong><\/strong><\/h2>\n<h2><strong><\/strong><\/h2>\n<h2><strong><\/strong><\/h2>\n<h2><strong><\/strong><\/h2>\n<h2><strong><\/strong><\/h2>\n<h2><strong><\/strong><\/h2>\n<h2><strong><\/strong><\/h2>\n<h2><strong><\/strong><\/h2>\n<h2><strong><\/strong><\/h2>\n<h2><strong><\/strong><\/h2>\n<h2><strong><\/strong><\/h2>\n<h2><strong><\/strong><\/h2>\n<h2><strong><\/strong><\/h2>\n<h2><strong><\/strong><\/h2>\n<h2><strong><\/strong><\/h2>\n<h2><strong><\/strong><strong><span style=\"font-family: ABeeZee;\">CFA 2 <span style=\"font-size: medium;\">mit Universalf\u00fcllkopf<\/span><br \/><\/span><\/strong><\/h2>\n<p><strong><span style=\"font-family: ABeeZee;\">und beigestellter Waage k\u00f6nnen <br \/><\/span><\/strong><strong><span style=\"font-family: ABeeZee;\">CO2-Flaschen bis <\/span><\/strong><strong><span style=\"font-family: ABeeZee;\">37,5 kg Kohlens\u00e4ure gef\u00fcllt werden.<\/span><\/strong><\/p>\n<p>[\/et_pb_text][et_pb_text admin_label=&#8220;Text&#8220; _builder_version=&#8220;3.27.4&#8243; background_size=&#8220;initial&#8220; background_position=&#8220;top_left&#8220; background_repeat=&#8220;repeat&#8220; inline_fonts=&#8220;ABeeZee&#8220; global_colors_info=&#8220;{}&#8220;]<\/p>\n<h2><strong><\/strong><\/h2>\n<h2><strong><\/strong><\/h2>\n<h2><strong><\/strong><\/h2>\n<h2><strong><\/strong><\/h2>\n<h2><strong><\/strong><\/h2>\n<h2><strong><\/strong><\/h2>\n<h2><strong><\/strong><\/h2>\n<h2><strong><\/strong><\/h2>\n<h2><strong><\/strong><\/h2>\n<h2><strong><\/strong><\/h2>\n<h2><strong><\/strong><\/h2>\n<h2><strong><\/strong><\/h2>\n<h2><strong><\/strong><\/h2>\n<h2><strong><\/strong><strong><span style=\"font-family: ABeeZee;\">CFA 2 <span style=\"font-size: medium;\">mit Universalf\u00fcllkopf<\/span><br \/><\/span><\/strong><\/h2>\n<p><strong><span style=\"font-family: ABeeZee;\">Unter Druck gef\u00fcllte Patrone mit verschlie\u00dfbarem Kopf.<\/span><\/strong><\/p>\n<p>[\/et_pb_text][et_pb_text admin_label=&#8220;Text&#8220; _builder_version=&#8220;3.27.4&#8243; background_size=&#8220;initial&#8220; background_position=&#8220;top_left&#8220; background_repeat=&#8220;repeat&#8220; inline_fonts=&#8220;ABeeZee&#8220; global_colors_info=&#8220;{}&#8220;]<\/p>\n<h2><strong><\/strong><\/h2>\n<h2><strong><\/strong><\/h2>\n<h2><strong><\/strong><\/h2>\n<h2><strong><\/strong><\/h2>\n<h2><strong><\/strong><\/h2>\n<h2><strong><\/strong><\/h2>\n<h2><strong><\/strong><\/h2>\n<h2><strong><\/strong><\/h2>\n<h2><strong><\/strong><\/h2>\n<h2><strong><\/strong><\/h2>\n<h2><strong><\/strong><\/h2>\n<h2><strong><\/strong><\/h2>\n<h2><strong><\/strong><\/h2>\n<h2><strong><\/strong><strong><span style=\"font-family: ABeeZee;\">Restdruckventil-Adapter<br \/><\/span><\/strong><\/h2>\n<p><strong><span style=\"font-family: ABeeZee;\">Mit diesem Adapter k\u00f6nnen alle CO2-Flaschen mit oder ohne Restdruckventil gef\u00fcllt werden.<br \/><\/span><\/strong><\/p>\n<p>[\/et_pb_text][\/et_pb_column][et_pb_column type=&#8220;1_3&#8243; _builder_version=&#8220;3.25&#8243; custom_padding=&#8220;|||&#8220; global_colors_info=&#8220;{}&#8220; custom_padding__hover=&#8220;|||&#8220;][\/et_pb_column][\/et_pb_row][\/et_pb_section]<\/p>\n","protected":false},"excerpt":{"rendered":"<p>CFA Soda 2 Die Kohlendioxidf\u00fcllanlage CFA Soda 2 besitzt eine Dosiereinheit und erm\u00f6glicht somit ein Bef\u00fcllen von Soda-Zylinder 425g bis zu 250 St\u00fcck\/Stunde. Ebenfalls k\u00f6nnen auch \u201eSpezial-Ventile\u201c mit dieser Anlage gef\u00fcllt werden. Die Maschine ist so aufgebaut, dass ein Abf\u00fcllen der CO2-Zylinder sehr einfach ist. CFA 2 mit Universalf\u00fcllkopf Mit dieser kompakten CO2-F\u00fcllanlage mit Digitalwaage [&hellip;]<\/p>\n","protected":false},"author":2,"featured_media":0,"parent":0,"menu_order":0,"comment_status":"open","ping_status":"open","template":"","meta":{"_et_pb_use_builder":"on","_et_pb_old_content":"<p>[et_pb_section fullwidth=\"on\" specialty=\"off\" inner_shadow=\"off\" parallax=\"off\" background_color=\"#2ea3f2\"][et_pb_fullwidth_header admin_label=\"Fullwidth Header\" title=\"FAC-SODA-3f\" subhead=\"Here is a basic page layout with no sidebar\" background_layout=\"dark\" text_orientation=\"left\" \/][\/et_pb_section][et_pb_section][et_pb_row][et_pb_column type=\"1_3\"][et_pb_image admin_label=\"Image\" \/][\/et_pb_column][et_pb_column type=\"1_3\"][et_pb_text admin_label=\"Text\" background_layout=\"light\" text_orientation=\"left\" \/][\/et_pb_column][et_pb_column type=\"1_3\"][et_pb_slider admin_label=\"Slider\" \/][\/et_pb_column][\/et_pb_row][\/et_pb_section]<\/p>","_et_gb_content_width":""},"_links":{"self":[{"href":"https:\/\/amv-schwaben.de\/index.php?rest_route=\/wp\/v2\/pages\/390"}],"collection":[{"href":"https:\/\/amv-schwaben.de\/index.php?rest_route=\/wp\/v2\/pages"}],"about":[{"href":"https:\/\/amv-schwaben.de\/index.php?rest_route=\/wp\/v2\/types\/page"}],"author":[{"embeddable":true,"href":"https:\/\/amv-schwaben.de\/index.php?rest_route=\/wp\/v2\/users\/2"}],"replies":[{"embeddable":true,"href":"https:\/\/amv-schwaben.de\/index.php?rest_route=%2Fwp%2Fv2%2Fcomments&post=390"}],"version-history":[{"count":71,"href":"https:\/\/amv-schwaben.de\/index.php?rest_route=\/wp\/v2\/pages\/390\/revisions"}],"predecessor-version":[{"id":1831,"href":"https:\/\/amv-schwaben.de\/index.php?rest_route=\/wp\/v2\/pages\/390\/revisions\/1831"}],"wp:attachment":[{"href":"https:\/\/amv-schwaben.de\/index.php?rest_route=%2Fwp%2Fv2%2Fmedia&parent=390"}],"curies":[{"name":"wp","href":"https:\/\/api.w.org\/{rel}","templated":true}]}}